{"id":14,"date":"2015-12-03T22:04:50","date_gmt":"2015-12-03T22:04:50","guid":{"rendered":"http:\/\/wandering.eu\/?page_id=14"},"modified":"2019-12-29T21:48:09","modified_gmt":"2019-12-29T21:48:09","slug":"southern-morocco","status":"publish","type":"page","link":"https:\/\/wandering.eu\/de\/southern-morocco\/","title":{"rendered":"Unbekannte S\u00fcden"},"content":{"rendered":"<p><\/p>\n<p align=\"CENTER\"><span style=\"font-size: medium;\"><a href=\"http:\/\/wandering.eu\/wp-content\/uploads\/2017\/02\/cropped-DSCF2547.jpg\"><img decoding=\"async\" loading=\"lazy\" class=\"alignnone wp-image-206\" src=\"http:\/\/wandering.eu\/wp-content\/uploads\/2017\/02\/cropped-DSCF2547-300x67.jpg\" alt=\"\" width=\"550\" height=\"123\" srcset=\"https:\/\/wandering.eu\/wp-content\/uploads\/2017\/02\/cropped-DSCF2547-300x67.jpg 300w, https:\/\/wandering.eu\/wp-content\/uploads\/2017\/02\/cropped-DSCF2547-768x172.jpg 768w, https:\/\/wandering.eu\/wp-content\/uploads\/2017\/02\/cropped-DSCF2547-1024x230.jpg 1024w, https:\/\/wandering.eu\/wp-content\/uploads\/2017\/02\/cropped-DSCF2547.jpg 1260w\" sizes=\"(max-width: 550px) 100vw, 550px\" \/><\/a>Abenteuerliche kulturelle Wanderreise durch der Hohe und Anti Atlas.<\/span><\/p>\n<p align=\"LEFT\"><span style=\"font-size: medium;\"><u><b>H\u00f6hepunkten:<\/b><\/u><\/span><\/p>\n<ul>\n<li>\n<p align=\"LEFT\"><span style=\"font-size: medium;\">Die Medina von Marrakesch<\/span><\/p>\n<\/li>\n<li>\n<p align=\"LEFT\"><span style=\"font-size: medium;\">3 T\u00e4gige Trekkingtour durch der Hohe Atlas<\/span><\/p>\n<\/li>\n<li>\n<p align=\"LEFT\"><span style=\"font-size: medium;\">Besuch an den Ru\u00efnen von Tin Mal<\/span><\/p>\n<\/li>\n<li>\n<p align=\"LEFT\"><span style=\"font-size: medium;\">Der K\u00f6nigsstadt Taroudant<\/span><\/p>\n<\/li>\n<li>\n<p align=\"LEFT\"><span style=\"font-size: medium;\">Der wenig bekannte Anti Atlas, mit seinem eindrucksvolle Felsformationen und tiefe Schluchten<\/span><\/p>\n<\/li>\n<li>\n<p align=\"LEFT\"><span style=\"font-size: medium;\">Besteig der Jebel el Kest<\/span><\/p>\n<\/li>\n<li>\n<p align=\"LEFT\"><span style=\"font-size: medium;\">Baden in eine Oase<\/span><\/p>\n<\/li>\n<li>\n<p align=\"LEFT\"><span style=\"font-size: medium;\">V\u00f6gel beobachten im \u00e4ltesten National Park von Marokko<\/span><\/p>\n<\/li>\n<li>\n<p align=\"LEFT\"><span style=\"font-size: medium;\">Relaxen in Agadir<\/span><\/p>\n<p><a href=\"http:\/\/wandering.eu\/wp-content\/uploads\/2017\/01\/P1110286-e1485484477454.jpg\"><img decoding=\"async\" loading=\"lazy\" class=\"alignnone wp-image-163\" src=\"http:\/\/wandering.eu\/wp-content\/uploads\/2017\/01\/P1110286-e1485484477454-300x101.jpg\" alt=\"\" width=\"454\" height=\"153\" srcset=\"https:\/\/wandering.eu\/wp-content\/uploads\/2017\/01\/P1110286-e1485484477454-300x101.jpg 300w, https:\/\/wandering.eu\/wp-content\/uploads\/2017\/01\/P1110286-e1485484477454-768x259.jpg 768w, https:\/\/wandering.eu\/wp-content\/uploads\/2017\/01\/P1110286-e1485484477454-1024x345.jpg 1024w\" sizes=\"(max-width: 454px) 100vw, 454px\" \/><\/a><\/li>\n<\/ul>\n<p align=\"LEFT\"><span style=\"font-size: medium;\"><u><b>Beschreibung:<\/b><\/u><\/span><\/p>\n<p align=\"LEFT\"><span style=\"font-size: medium;\">Vielf\u00e4ltige Reise durch relativ unbekannte Gegegenden im S\u00fcden von Marokko. Wir fangen in Marrakesch an, eine lebendige uralte Stadt wo mann sofort bemerkt auf ein anderes Kontinent angekommen zu sein. <\/span><\/p>\n<p align=\"LEFT\"><span style=\"font-size: medium;\">Nachdem wir Marrakesch ein wenig kennen gelernt haben und die Highlights gesehen haben geht es weiter richtung Hohe Atlas. Wir fahren nach Imlil und machen hier eine Tageswanderung. <\/span><\/p>\n<p align=\"LEFT\"><span style=\"font-size: medium;\">Am n\u00e4chsten Tag gehen wir los auf einen 3 T\u00e4gige Trek durch Urige Berberd\u00f6rfer mit verschneite Gipfel im Hintergrund.<\/span><\/p>\n<p align=\"LEFT\"><span style=\"font-size: medium;\">Anschliessend fahren wir \u00fcber eine der \u00e4lteste Verbindunswegen der Atlas nach Taroudant, ursprunglich der Hauptstadt vom Souss Tal. Hier geniessen wir einen Ruhetag.<\/span><\/p>\n<p align=\"LEFT\"><span style=\"font-size: medium;\">Nach Taroudant geht es richtung S\u00fcden zum Anti-Atlas. Hier treffen wir v\u00f6llig unterschiedliche Landschaften. Steile Felswanden, ausgedehnte Hochebenen und tiefe Schluchten sind jetzt undsere Umwelt.<\/span><\/p>\n<p align=\"LEFT\"><span style=\"font-size: medium;\">Nach einem Besuch am Souss-Massa National Park kommt unsere Reise in Agadir zu ende.<\/span><\/p>\n<p align=\"LEFT\"><span style=\"font-size: medium;\">Agadir steht bekannt um seinen sch\u00f6nen Str\u00e4nden und bietet alles was man braucht zum entspannen.<\/span><\/p>\n<p align=\"LEFT\"><span style=\"font-size: medium;\">W\u00e4hrend der Reise steht uns einen Minibus mit Fahrer zur verf\u00fcgung. Damit werden wir und das Gep\u00e4ck transportiert. Wo es keine Fahrstrassen gibt g\u00f6nnen wir uns Mulis damit wir nur was wir w\u00e4hrend der Tag brauchen selbst tragen m\u00fcssen.<\/span><\/p>\n<p align=\"LEFT\">Die Gruppengrosse ist von 5 bis 12 Personen.<\/p>\n<p><a href=\"http:\/\/wandering.eu\/wp-content\/uploads\/2017\/01\/DSCF2410-e1485484408635.jpg\"><img decoding=\"async\" loading=\"lazy\" class=\"alignnone wp-image-155\" src=\"http:\/\/wandering.eu\/wp-content\/uploads\/2017\/01\/DSCF2410-e1485484408635-300x136.jpg\" alt=\"\" width=\"410\" height=\"186\" srcset=\"https:\/\/wandering.eu\/wp-content\/uploads\/2017\/01\/DSCF2410-e1485484408635-300x136.jpg 300w, https:\/\/wandering.eu\/wp-content\/uploads\/2017\/01\/DSCF2410-e1485484408635-768x349.jpg 768w, https:\/\/wandering.eu\/wp-content\/uploads\/2017\/01\/DSCF2410-e1485484408635-1024x466.jpg 1024w\" sizes=\"(max-width: 410px) 100vw, 410px\" \/><\/a><\/p>\n<p align=\"LEFT\"><span style=\"font-size: medium;\"><u><b>Reiseablauf:<\/b><\/u><\/span><\/p>\n<p align=\"LEFT\"><span style=\"font-size: medium;\"><b>1. Tag: Ankunft<\/b><\/span><\/p>\n<p align=\"LEFT\"><span style=\"font-size: medium;\">Ankunft in Marrakesch. Die Teilnehmer werden auf Marrakesch Menara Flughafen von der Reiseleitung empfangen. Abh\u00e4ngig von der Ankunfstzeit gibt es nachmittags die M\u00f6glichkeit sich in Marrakesch zu verlaufen. Abends essen wir gemeinsam.<\/span><\/p>\n<p align=\"LEFT\"><span style=\"font-size: medium;\"><b>2. Tag: Marrakesch<\/b><\/span><\/p>\n<p style=\"text-align: right;\" align=\"LEFT\"><a href=\"http:\/\/wandering.eu\/wp-content\/uploads\/2015\/12\/DSCF0255.jpg\"><img decoding=\"async\" loading=\"lazy\" class=\"size-medium wp-image-75 alignright\" src=\"http:\/\/wandering.eu\/wp-content\/uploads\/2015\/12\/DSCF0255-200x300.jpg\" alt=\"DSCF0255\" width=\"200\" height=\"300\" srcset=\"https:\/\/wandering.eu\/wp-content\/uploads\/2015\/12\/DSCF0255-200x300.jpg 200w, https:\/\/wandering.eu\/wp-content\/uploads\/2015\/12\/DSCF0255-683x1024.jpg 683w\" sizes=\"(max-width: 200px) 100vw, 200px\" \/><\/a><\/p>\n<p align=\"LEFT\"><span style=\"font-size: medium;\">In der Souk von Marrakesch werden nicht nur viele verschiedenen Sachen verkauft, vieles wird auch noch auf traditionelle Art hergestellt. Wir gehen durch die Medina und besuchen verschiedene Werkst\u00e4tten und einige historische Orten so wie die alte Koranschule und das alte J\u00fcdische Viertel (Mellah).<\/span><\/p>\n<p align=\"LEFT\"><span style=\"font-size: medium;\"><b>3. Tag: Imlil<\/b><\/span><\/p>\n<p align=\"LEFT\"><span style=\"font-size: medium;\">Wir ziehen Heute s\u00fcdlich richtung Hohe Atlas, unser Ziel is Imlil. Hier machen wir unser erste Wanderung. Wir folgen ein kleine Hirterweg hinauf zu einem wunderbaren Ausblick \u00fcber einige der hochste Gipfel der H\u00f6he Atlas. Durch der Ort Aroumd geht es zur\u00fcck zu unser Unterkunft in Imlil.<\/span><\/p>\n<p align=\"LEFT\"><span style=\"font-size: medium;\">Gehzeit: 3u<\/span><\/p>\n<p align=\"LEFT\"><span style=\"font-size: medium;\">8km<\/span><\/p>\n<p align=\"LEFT\"><span style=\"font-size: medium;\">H\u00f6heunterschied: +300m -300m<\/span><\/p>\n<p lang=\"de-DE\" align=\"LEFT\"><span style=\"font-size: medium;\"><b>4. Tag: Tizi &#8217;n&#8216; Mzik<\/b><\/span><\/p>\n<p lang=\"de-DE\" align=\"LEFT\"><span style=\"font-size: medium;\">Heute ist der erste Tag unser 3 T\u00e4gige Trek. Vom Unterkunft aus geht es zum Tizi &#8217;n&#8216; Mzik Pass (2489m) hier genie\u00dfen wir ein \u00dcberblick von das Tal von Imlil und das NachbarTal, Azzadn. Durch ein sch\u00f6nen Wacholderhain steigen wir ab zu unser Ziel, einen G\u00eete (Bergh\u00fctte).<\/span><\/p>\n<p lang=\"de-DE\" align=\"LEFT\"><span style=\"font-size: medium;\">Gehzeit: 6u<\/span><\/p>\n<p lang=\"de-DE\" align=\"LEFT\"><span style=\"font-size: medium;\">14km<\/span><\/p>\n<p lang=\"de-DE\" align=\"LEFT\"><span style=\"font-size: medium;\">H\u00f6henunterschied: +850m \u2013 750m<br \/>\n<\/span><\/p>\n<p lang=\"de-DE\" align=\"LEFT\"><span style=\"font-size: medium;\"><b>5. Tag: Azzadn Tal<\/b><\/span><\/p>\n<p lang=\"de-DE\" align=\"LEFT\"><span style=\"font-size: medium;\">Heute folgen wir das Azzadn Tal hinunter. Wir kommen durch Jahrhunderten alten Berberd\u00f6rfer wo die vielfarbige, terrassierte Felder noch immer auf urspr\u00fcngliche weise gen\u00fctzt und bew\u00e4ssert werden. W\u00e4hrend wir weiter nach unten gehen \u00e4ndert sich der Vegetation langsam von Alpine Zedernhain nach Mediterraner Eichenwald. Wir \u00fcbernachten wieder in einen G\u00eete.<\/span><\/p>\n<p lang=\"de-DE\" align=\"LEFT\"><span style=\"font-size: medium;\">Gehzeit: 5u<\/span><\/p>\n<p lang=\"de-DE\" align=\"LEFT\"><span style=\"font-size: medium;\">14km<\/span><\/p>\n<p lang=\"de-DE\" align=\"LEFT\"><span style=\"font-size: medium;\">H\u00f6henunterschied: +250m \u2013 650m<\/span><\/p>\n<p lang=\"de-DE\" align=\"LEFT\"><span style=\"font-size: medium;\"><b>6. Tag Marigha \u2013 Tizi &#8217;n&#8216; Test<\/b><\/span><\/p>\n<p lang=\"de-DE\" align=\"LEFT\"><span style=\"font-size: medium;\">Marigha heisst Salz in die ortliche Berbersprache und ist so genennt nach die Salzbrunnen in diesem Tal. Wir besuchen die Salzbrunnen und gehen weiter durch Olivenhainen nach Ouirgane, der Oliven\u00f6l aus dieser Gegend ist in ganz Marokko bekannt. Wir gehen zu Fu\u00df bis Ouirgane.<\/span><\/p>\n<p align=\"LEFT\"><a href=\"http:\/\/wandering.eu\/wp-content\/uploads\/2017\/01\/cropped-P1110030.jpg\"><img decoding=\"async\" loading=\"lazy\" class=\"alignnone wp-image-192\" src=\"http:\/\/wandering.eu\/wp-content\/uploads\/2017\/01\/cropped-P1110030-300x104.jpg\" alt=\"\" width=\"456\" height=\"158\" srcset=\"https:\/\/wandering.eu\/wp-content\/uploads\/2017\/01\/cropped-P1110030-300x104.jpg 300w, https:\/\/wandering.eu\/wp-content\/uploads\/2017\/01\/cropped-P1110030-768x266.jpg 768w, https:\/\/wandering.eu\/wp-content\/uploads\/2017\/01\/cropped-P1110030-1024x355.jpg 1024w, https:\/\/wandering.eu\/wp-content\/uploads\/2017\/01\/cropped-P1110030.jpg 1260w\" sizes=\"(max-width: 456px) 100vw, 456px\" \/><\/a><\/p>\n<p align=\"LEFT\"><span style=\"font-size: medium;\">Hier sammelt uns nach eine gem\u00fctliche <span style=\"color: #000000;\">Mittagspauze der Bus ab. Wir fahren zum Ruinen der 900 Jahr alte Moschee von Tinmal vorbei. Es ist eine der 2 Moscheen der mann als nicht Muslimer besuchen darf und das n\u00fctzen wir aus. Ausserdem ist es der Ursprung der Almohad Dynasty der 300 Jahre \u00fcber Nord Afrika und Spanien regiert hat. Mann sagt das sie hier begraben liegen.<\/span><\/span><\/p>\n<p align=\"LEFT\"><span style=\"font-size: medium;\">\u00dcber der Tizi &#8217;n&#8216; Test (2090m) \u00f6ffnet sich unter uns das Souss Tal. Wir fahren nach Taroudant.<\/span><\/p>\n<p align=\"LEFT\"><span style=\"font-size: medium;\">Gehzeit: 3u<\/span><\/p>\n<p align=\"LEFT\"><span style=\"font-size: medium;\">8km<\/span><\/p>\n<p align=\"LEFT\"><span style=\"font-size: medium;\">H\u00f6heunterschied: +50m \u2013300m<\/span><\/p>\n<p align=\"LEFT\"><span style=\"font-size: medium;\"><b>7. Tag: Taroudant<\/b><\/span><\/p>\n<p align=\"LEFT\"><span style=\"font-size: medium;\">Wir spendieren eine gem\u00fctlicher Tag in Taroudant. Dieser <a href=\"http:\/\/wandering.eu\/wp-content\/uploads\/2016\/02\/DSCF0348.jpg\"><img decoding=\"async\" loading=\"lazy\" class=\"size-medium wp-image-70 alignright\" src=\"http:\/\/wandering.eu\/wp-content\/uploads\/2016\/02\/DSCF0348-300x200.jpg\" alt=\"DSCF0348\" width=\"300\" height=\"200\" srcset=\"https:\/\/wandering.eu\/wp-content\/uploads\/2016\/02\/DSCF0348-300x200.jpg 300w, https:\/\/wandering.eu\/wp-content\/uploads\/2016\/02\/DSCF0348-1024x683.jpg 1024w\" sizes=\"(max-width: 300px) 100vw, 300px\" \/><\/a>autentische Stadt im Souss Tal steht bekannt als das kleine Marrakesch und war mal Kurz der Hauptstadt von Marokko. Davon zeigt noch der alte Stadtmauer, auch gibt es eine sch\u00f6ne Souk.<\/span><\/p>\n<p align=\"LEFT\"><span style=\"font-size: medium;\"><b>8. Tag: Tafraoute<\/b><\/span><\/p>\n<p align=\"LEFT\"><span style=\"font-size: medium;\">Vom Souss Tal bringt der weg uns hoch ins n\u00e4chste Gebirge, der Anti Atlas. Dieses Gebirge, \u00e4lter als der Atlantik liegt auf der Grenze der Sahara und das Landschaft ist ausserhalb die Arganba\u00fcme sehr karg.<\/span><\/p>\n<p align=\"LEFT\"><span style=\"font-size: medium;\">In Tafraoute wandern wir durch ein einmaliger Granitlandschaft zu einer Gegend s\u00fcdlich von Tafraoute wo eine Belgischer K\u00fcnstler in 1984 die Felsen mit hilfe der lokale Feuerwehr bunt gemacht hat. <\/span><\/p>\n<p align=\"LEFT\"><span style=\"font-size: medium;\">Gehzeit: 3,5u<\/span><\/p>\n<p align=\"LEFT\"><span style=\"font-size: medium;\">10 km<\/span><\/p>\n<p align=\"LEFT\"><span style=\"font-size: medium;\">H\u00f6henunterschied: +100m \u2013 100m<\/span><\/p>\n<p align=\"LEFT\"><span style=\"font-size: medium;\"><b>9. Tag: Jebel el Kest<\/b><\/span><\/p>\n<p style=\"text-align: right;\" align=\"LEFT\"><a href=\"http:\/\/wandering.eu\/wp-content\/uploads\/2016\/01\/DSCF0405.jpg\"><img decoding=\"async\" loading=\"lazy\" class=\"size-medium wp-image-84 alignright\" src=\"http:\/\/wandering.eu\/wp-content\/uploads\/2016\/01\/DSCF0405-300x200.jpg\" alt=\"DSCF0405\" width=\"300\" height=\"200\" srcset=\"https:\/\/wandering.eu\/wp-content\/uploads\/2016\/01\/DSCF0405-300x200.jpg 300w, https:\/\/wandering.eu\/wp-content\/uploads\/2016\/01\/DSCF0405-1024x683.jpg 1024w\" sizes=\"(max-width: 300px) 100vw, 300px\" \/><\/a><\/p>\n<p align=\"LEFT\"><span style=\"font-size: medium;\">Mit 2379m ist der Jebel Lekst das hochste Punkt der Anti Atlas. Unsere Wanderung fangt im mahlerischen Ort Taguedicht an, von dort arbeitet ein kleiner Wanderweg sich hoch ins Quartzmassif bis zum Gipfel. Von oben hat mann bei guter Sicht ein weiter Blick zur\u00fcck \u00fcber das Souss Tal zum verschneite Gipfel der H\u00f6he Atlas, und s\u00fcdlich \u00fcber Tafraoute richtung W\u00fcste.<\/span><\/p>\n<p align=\"LEFT\"><span style=\"font-size: medium;\">Gehzeit: 7u<\/span><\/p>\n<p align=\"LEFT\"><span style=\"font-size: medium;\">10km<\/span><\/p>\n<p align=\"LEFT\"><span style=\"font-size: medium;\">H\u00f6henunterschied: +1000m \u2013 700m<\/span><\/p>\n<p align=\"LEFT\"><span style=\"color: #000000;\"><span style=\"font-size: medium;\"><b>10. Tag: Smougen Schlucht<\/b><\/span><\/span><\/p>\n<p><a href=\"http:\/\/wandering.eu\/wp-content\/uploads\/2015\/12\/DSCF0448.jpg\"><img decoding=\"async\" loading=\"lazy\" class=\"size-medium wp-image-76 alignright\" src=\"http:\/\/wandering.eu\/wp-content\/uploads\/2015\/12\/DSCF0448-200x300.jpg\" alt=\"\" width=\"200\" height=\"300\" srcset=\"https:\/\/wandering.eu\/wp-content\/uploads\/2015\/12\/DSCF0448-200x300.jpg 200w, https:\/\/wandering.eu\/wp-content\/uploads\/2015\/12\/DSCF0448-683x1024.jpg 683w\" sizes=\"(max-width: 200px) 100vw, 200px\" \/><\/a><span style=\"color: #000000;\"><span style=\"font-size: medium;\">Wir verlassen Tafraoute in s\u00fcdliche Richtung. Der Startpunkt der heutige Wanderung ist ein kleiner Ort am anfang einen ausgedehnte Hochebene. Von der Hochebene lassen wir uns langzam runter im spektakul\u00e4ren Schlucht. Umgeben von Miljonen Jahren alte Steinschichten folgen wir der Oued (trockenen Flussbet) runter bis zu Igmir. Wir schlafen in Igmir in einen Gite d&#8217;etappe (Traditionelles Gasthaus).<\/span><\/span><\/p>\n<p align=\"LEFT\"><span style=\"color: #000000;\"><span style=\"font-size: medium;\">Gehzeit: 6u<\/span><\/span><\/p>\n<p align=\"LEFT\"><span style=\"color: #000000;\"><span style=\"font-size: medium;\">16km<\/span><\/span><\/p>\n<p align=\"LEFT\"><span style=\"color: #000000;\"><span style=\"font-size: medium;\">H\u00f6henunterschied +100m \u2013500m<\/span><\/span><\/p>\n<p align=\"LEFT\"><span style=\"color: #000000;\"><span style=\"font-size: medium;\"><b>11. Tag: Felszeichnungen und der Agadir von Amtoudi<\/b><\/span><\/span><\/p>\n<p style=\"text-align: right;\" align=\"LEFT\"><a href=\"http:\/\/wandering.eu\/wp-content\/uploads\/2015\/12\/DSCF0493.jpg\"><img decoding=\"async\" loading=\"lazy\" class=\"size-medium wp-image-80 alignright\" src=\"http:\/\/wandering.eu\/wp-content\/uploads\/2015\/12\/DSCF0493-200x300.jpg\" alt=\"DSCF0493\" width=\"200\" height=\"300\" srcset=\"https:\/\/wandering.eu\/wp-content\/uploads\/2015\/12\/DSCF0493-200x300.jpg 200w, https:\/\/wandering.eu\/wp-content\/uploads\/2015\/12\/DSCF0493-683x1024.jpg 683w\" sizes=\"(max-width: 200px) 100vw, 200px\" \/><\/a><\/p>\n<p align=\"LEFT\"><span style=\"color: #000000;\"><span style=\"font-size: medium;\">Wir fahren der Smougen Schlucht weiter bis zum Mundung ins Pre-Sahara Landschaft der Jebel Bani. Vor Tausenden Jahren war es hier eine Fruchtbare gegend reich an Wilde Tieren, davon zeigen noch einige Felszeichnungen. <\/span><\/span><\/p>\n<p align=\"LEFT\"><span style=\"color: #000000;\"><span style=\"font-size: medium;\">Nach eine kurze Wanderung zum Felszeichnungen geht es weiter nach Amtoudi. Wir besuchen nachmittags der Agadir (gemeinsames verteitigde lagerplatz). Dieser Agadir hat nicht nur eine ausgezeichnete Lage er ist auch eine der am best behalten Agadirs von Marokko.<\/span><\/span><\/p>\n<p align=\"LEFT\"><span style=\"color: #000000;\"><span style=\"font-size: medium;\">Gehzeit: 3u<\/span><\/span><\/p>\n<p align=\"LEFT\"><span style=\"color: #000000;\"><span style=\"font-size: medium;\">7km<\/span><\/span><\/p>\n<p align=\"LEFT\"><span style=\"color: #000000;\"><span style=\"font-size: medium;\">H\u00f6henunterschied +250m \u2013 250m<\/span><\/span><\/p>\n<p align=\"LEFT\"><span style=\"color: #000000;\"><span style=\"font-size: medium;\"><b>12. Tag: Schlucht von Amtoudi<\/b><\/span><\/span><\/p>\n<p style=\"text-align: right;\" align=\"LEFT\"><a href=\"http:\/\/wandering.eu\/wp-content\/uploads\/2015\/12\/DSCF0545.jpg\"><img decoding=\"async\" loading=\"lazy\" class=\"size-medium wp-image-81 alignright\" src=\"http:\/\/wandering.eu\/wp-content\/uploads\/2015\/12\/DSCF0545-300x200.jpg\" alt=\"DSCF0545\" width=\"300\" height=\"200\" srcset=\"https:\/\/wandering.eu\/wp-content\/uploads\/2015\/12\/DSCF0545-300x200.jpg 300w, https:\/\/wandering.eu\/wp-content\/uploads\/2015\/12\/DSCF0545-1024x683.jpg 1024w\" sizes=\"(max-width: 300px) 100vw, 300px\" \/><\/a><\/p>\n<p align=\"LEFT\"><span style=\"color: #000000;\"><span style=\"font-size: medium;\">Durch eine traumhafte Oase wandern wir zu einer, in dieser gegend sehr seltene Quelle. Hier gibt es M\u00f6glichkeit zum baden. Erfrischt steigen wir aus der Schlucht raus zum Hochebene. Am Rand der Schlucht gehen wir zur\u00fcck nach Amtoudi. Unterwegs w\u00fcrden wir begleitet von sch\u00f6nen Ausblicken im Schlucht und \u00fcber die Hochebene und treffen wir Spuren von vergangenen Zeiten.<\/span><\/span><\/p>\n<p align=\"LEFT\"><span style=\"color: #000000;\"><span style=\"font-size: medium;\">Gehzeit: 3,5u <\/span><\/span><\/p>\n<p align=\"LEFT\"><span style=\"color: #000000;\"><span style=\"font-size: medium;\">10km<\/span><\/span><\/p>\n<p align=\"LEFT\"><span style=\"color: #000000;\"><span style=\"font-size: medium;\">H\u00f6henunterschied: +200m \u2013 200m<\/span><\/span><\/p>\n<p align=\"LEFT\"><span style=\"color: #000000;\"><span style=\"font-size: medium;\"><b>13. Tag: Tiznit \u2013 Massa \u2013 Agadir<\/b><\/span><\/span><\/p>\n<p align=\"LEFT\"><span style=\"color: #000000;\"><span style=\"font-size: medium;\">Vom Rand der W\u00fcste geht es diesmal zur\u00fcck in N\u00f6rdliche Richtung. Wir besuchen der Alte Silberh\u00e4ndler Stadt Tiznit und machen einen Stop im Souss-Massa National Park. Wegen seinen wichtige funktion f\u00fcr Ziehv\u00f6gel das erste National Park von Marokko. Wir wandern zum Atlantik. Nachher fahren wir weiter nach Agadir.<\/span><\/span><\/p>\n<p align=\"LEFT\"><span style=\"color: #000000;\"><span style=\"font-size: medium;\">Gehzeit 1,5u<\/span><\/span><\/p>\n<p align=\"LEFT\"><span style=\"color: #000000;\"><span style=\"font-size: medium;\">3km<\/span><\/span><\/p>\n<p align=\"LEFT\"><span style=\"color: #000000;\"><span style=\"font-size: medium;\"><b>14. Tag: Agadir<\/b><\/span><\/span><\/p>\n<p align=\"LEFT\"><span style=\"color: #000000;\"><span style=\"font-size: medium;\">Am 29. Februar 1960 ist der Stadt Agadir komplet zerst\u00f6rt von einen Erdbeben. Seitdem ist es wieder aufgebaut als eine der meist moderne St\u00e4dte von Marokko. In seinen grossen Bucht gibt es einen sch\u00f6nen Strand mit gute Badem\u00f6glichkeiten. Der Blick am Meer wird noch immer \u00fcberherscht von der Altstadt. Auch gibt es einen nette Souk. Wir geniessen hier einen Freien Tag. <\/span><\/span><\/p>\n<p align=\"LEFT\"><a href=\"http:\/\/wandering.eu\/wp-content\/uploads\/2015\/12\/DSCF0504.jpg\"><img decoding=\"async\" loading=\"lazy\" class=\"alignnone wp-image-100\" src=\"http:\/\/wandering.eu\/wp-content\/uploads\/2015\/12\/DSCF0504-300x200.jpg\" alt=\"\" width=\"462\" height=\"308\" srcset=\"https:\/\/wandering.eu\/wp-content\/uploads\/2015\/12\/DSCF0504-300x200.jpg 300w, https:\/\/wandering.eu\/wp-content\/uploads\/2015\/12\/DSCF0504-1024x683.jpg 1024w\" sizes=\"(max-width: 462px) 100vw, 462px\" \/><\/a><\/p>\n<p align=\"LEFT\"><span style=\"color: #000000;\"><span style=\"font-size: medium;\"><b>15. Tag: Abflug oder Verl\u00e4ngerung<\/b><\/span><\/span><\/p>\n<p align=\"LEFT\"><span style=\"color: #000000;\"><span style=\"font-size: medium;\">Heute ist das ofizielle Ende vom Reiseprogramm. Ab Agadir wird mann zum Flughafen gefahren. Nat\u00fcrlich ist es m\u00f6glich individuell zu verl\u00e4ngern. Wir beraten Sie gerne.<\/span><\/span><\/p>\n<p align=\"LEFT\"><a href=\"http:\/\/wandering.eu\/wp-content\/uploads\/2017\/02\/DSCF2539.jpg\"><img decoding=\"async\" loading=\"lazy\" class=\"alignnone wp-image-218\" src=\"http:\/\/wandering.eu\/wp-content\/uploads\/2017\/02\/DSCF2539-300x200.jpg\" alt=\"\" width=\"459\" height=\"306\" srcset=\"https:\/\/wandering.eu\/wp-content\/uploads\/2017\/02\/DSCF2539-300x200.jpg 300w, https:\/\/wandering.eu\/wp-content\/uploads\/2017\/02\/DSCF2539-768x512.jpg 768w, https:\/\/wandering.eu\/wp-content\/uploads\/2017\/02\/DSCF2539-1024x683.jpg 1024w\" sizes=\"(max-width: 459px) 100vw, 459px\" \/><\/a><\/p>\n<p><u><b>Anforderungen an Reiseteilnehmer(innen):<\/b><\/u><\/p>\n<p><span style=\"color: #000000;\">Wanderungen<\/span> f\u00fcr trittsichere, abenteuerlustige Bergwanderer mit guter Kondition bei Wandergehzeiten von 3 bis 7 Stunden.<\/p>\n<p>Wir \u00fcbernachten meistens in angenehme, gut versorgte Hotels. Aber in die meist isolierte Orten (w\u00e4hrend der Trek im H\u00f6hen Atlas und in Igmir) gibt es nur wenige M\u00f6glichkeiten und m\u00fcssen wir uns flexibel aufstellen und die verf\u00fcgbare zimmer mit einander teilen.\u00a0Der Lage und urspr\u00fcnglichkeit dieser Orten kompensieren aber reichlich f\u00fcr das fehlende Luxus.<\/p>\n<p>Wir wandern jeweils mit leichten Tagesrucksack. Das Hauptgep\u00e4ck wird entwieder von der Bus oder vom Maultieren transportiert und steht t\u00e4glich zur Verf\u00fcgung.<\/p>\n<p><strong>Termine und Preise:<\/strong><\/p>\n<p lang=\"en-US\" align=\"LEFT\">04.04.2020 &#8211; 18.04.2020<\/p>\n<p>Mindest Teilnemerzahl 5, maximale Gruppengrosse 12<\/p>\n<p>Preis: \u20ac 1348,-<\/p>\n<p><strong>Leistungen:<\/strong><\/p>\n<p lang=\"de-DE\" align=\"LEFT\"><span style=\"font-size: medium;\">14x \u00dcbernachtung in geteiltes Doppelzimmer<br \/>\n<\/span><\/p>\n<p lang=\"de-DE\" align=\"LEFT\"><span style=\"font-size: medium;\">14x Fr\u00fchst\u00fcck<\/span><\/p>\n<p lang=\"de-DE\" align=\"LEFT\"><span style=\"font-size: medium;\">9x Mittagessen<\/span><\/p>\n<p lang=\"de-DE\" align=\"LEFT\"><span style=\"font-size: medium;\">12x Abendessen<\/span><\/p>\n<p lang=\"de-DE\" align=\"LEFT\"><span style=\"font-size: medium;\">Alle Transfers und Eintritten w\u00e4hrend das offiziellen Reiseprogramm<\/span><\/p>\n<p lang=\"de-DE\" align=\"LEFT\">Deutsch und Arabisch sprachige Reiseleitung.<\/p>\n<p lang=\"de-DE\" align=\"LEFT\">Fl\u00fcge sind nicht inklusiv in der Preis.<\/p>\n<p lang=\"de-DE\" align=\"LEFT\">Einzelzimmer k\u00f6nnen gegen Aufpreis von \u20ac 150,- gebucht werden, aber nur garantiert in Marrakech, Taroudant, Tafraout und Agadir (8 N\u00e4chte).<\/p>\n<p lang=\"en-US\" align=\"LEFT\">______________________________________________<\/p>\n<p align=\"LEFT\">F\u00fcr weitere Informationen und Reservierungen k\u00f6nnen Sie gerne schreiben nach:<\/p>\n<p align=\"LEFT\">info@wandering.eu<\/p>\n<p><\/p>","protected":false},"excerpt":{"rendered":"<p>Leider ist der Eintrag nur auf Amerikanisches Englisch verf\u00fcgbar.<\/p>\n","protected":false},"author":1,"featured_media":0,"parent":0,"menu_order":0,"comment_status":"closed","ping_status":"closed","template":"","meta":[],"_links":{"self":[{"href":"https:\/\/wandering.eu\/de\/wp-json\/wp\/v2\/pages\/14"}],"collection":[{"href":"https:\/\/wandering.eu\/de\/wp-json\/wp\/v2\/pages"}],"about":[{"href":"https:\/\/wandering.eu\/de\/wp-json\/wp\/v2\/types\/page"}],"author":[{"embeddable":true,"href":"https:\/\/wandering.eu\/de\/wp-json\/wp\/v2\/users\/1"}],"replies":[{"embeddable":true,"href":"https:\/\/wandering.eu\/de\/wp-json\/wp\/v2\/comments?post=14"}],"version-history":[{"count":67,"href":"https:\/\/wandering.eu\/de\/wp-json\/wp\/v2\/pages\/14\/revisions"}],"predecessor-version":[{"id":435,"href":"https:\/\/wandering.eu\/de\/wp-json\/wp\/v2\/pages\/14\/revisions\/435"}],"wp:attachment":[{"href":"https:\/\/wandering.eu\/de\/wp-json\/wp\/v2\/media?parent=14"}],"curies":[{"name":"wp","href":"https:\/\/api.w.org\/{rel}","templated":true}]}}